{"id":103,"date":"2020-12-07T17:47:02","date_gmt":"2020-12-07T16:47:02","guid":{"rendered":"https:\/\/montpezat-gers.com\/?page_id=103"},"modified":"2021-06-24T17:55:36","modified_gmt":"2021-06-24T15:55:36","slug":"les-anciens-combattants","status":"publish","type":"page","link":"https:\/\/montpezat-gers.com\/index.php\/les-anciens-combattants\/","title":{"rendered":"Les anciens combattants"},"content":{"rendered":"<div data-colibri-id=\"103-c1\" class=\"style-814 style-local-103-c1 position-relative\">\n  <!---->\n  <div data-colibri-component=\"section\" data-colibri-id=\"103-c2\" id=\"about\" class=\"h-section h-section-global-spacing d-flex align-items-lg-center align-items-md-center align-items-center style-815 style-local-103-c2 position-relative\">\n    <!---->\n    <!---->\n    <div class=\"h-section-grid-container h-section-boxed-container\">\n      <!---->\n      <div data-colibri-id=\"103-c3\" class=\"h-row-container gutters-row-lg-0 gutters-row-md-0 gutters-row-0 gutters-row-v-lg-0 gutters-row-v-md-0 gutters-row-v-0 style-816 style-local-103-c3 position-relative\">\n        <!---->\n        <div class=\"h-row justify-content-lg-center justify-content-md-center justify-content-center align-items-lg-stretch align-items-md-stretch align-items-stretch gutters-col-lg-0 gutters-col-md-0 gutters-col-0 gutters-col-v-lg-0 gutters-col-v-md-0 gutters-col-v-0\">\n          <!---->\n          <div class=\"h-column h-column-container d-flex h-col-lg-auto h-col-md-auto h-col-auto style-817-outer style-local-103-c4-outer\">\n            <div data-colibri-id=\"103-c4\" class=\"d-flex h-flex-basis h-column__inner h-px-lg-0 h-px-md-0 h-px-0 v-inner-lg-0 v-inner-md-0 v-inner-0 style-817 style-local-103-c4 position-relative\">\n              <!---->\n              <!---->\n              <div class=\"w-100 h-y-container h-column__content h-column__v-align flex-basis-100 align-self-lg-start align-self-md-start align-self-start\">\n                <!---->\n                <div data-colibri-id=\"103-c5\" class=\"h-global-transition-all h-heading style-818 style-local-103-c5 position-relative h-element\">\n                  <!---->\n                  <div class=\"h-heading__outer style-818 style-local-103-c5\">\n                    <!---->\n                    <!---->\n                    <h5 class=\"\">Monument<\/h5>\n                  <\/div>\n                <\/div>\n                <div data-colibri-id=\"103-c6\" class=\"h-global-transition-all h-heading style-819 style-local-103-c6 position-relative h-element\">\n                  <!---->\n                  <div class=\"h-heading__outer style-819 style-local-103-c6\">\n                    <!---->\n                    <!---->\n                    <h2 class=\"\">Caract\u00e9ristiques<\/h2>\n                  <\/div>\n                <\/div>\n                <div data-colibri-id=\"103-c7\" class=\"h-text h-text-component style-820 style-local-103-c7 position-relative h-element\">\n                  <!---->\n                  <!---->\n                  <div class=\"\">\n                    <p>Structure :<\/p>\n                    <p>Pilier comm\u00e9moratif<\/p>\n                    <p>Colonne quadrangulaire \/ chapiteau sculpt\u00e9<\/p>\n                    <p>Ornementation v\u00e9g\u00e9tale :<\/p>\n                    <p>Palme(s)<\/p>\n                    <p>Palmes entrecrois\u00e9es<\/p>\n                    <p>D\u00e9corations militaires :<\/p>\n                    <p>Croix de guerre<\/p>\n                    <p>Autres \u00e9l\u00e9ments :<\/p>\n                    <p>Entourage bornes \/ cha\u00eenes ou barre.\n                      <br>\n                    <\/p>\n                  <\/div>\n                <\/div>\n              <\/div>\n            <\/div>\n          <\/div>\n          <div class=\"h-column h-column-container d-flex h-col-lg-auto h-col-md-auto h-col-auto style-821-outer style-local-103-c8-outer\">\n            <div data-colibri-id=\"103-c8\" class=\"d-flex h-flex-basis h-column__inner h-ui-empty-state-container h-px-lg-2 h-px-md-2 h-px-2 v-inner-lg-2 v-inner-md-2 v-inner-2 style-821 style-local-103-c8 position-relative\">\n              <!---->\n              <!---->\n              <div class=\"w-100 h-y-container h-column__content h-column__v-align flex-basis-100\">\n                <!---->\n              <\/div>\n            <\/div>\n          <\/div>\n        <\/div>\n      <\/div>\n    <\/div>\n  <\/div>\n  <div data-colibri-component=\"section\" data-colibri-id=\"103-c9\" id=\"about-2\" class=\"h-section h-section-global-spacing d-flex align-items-lg-center align-items-md-center align-items-center style-822 style-local-103-c9 position-relative\">\n    <!---->\n    <!---->\n    <div class=\"h-section-grid-container h-section-boxed-container\">\n      <!---->\n      <div data-colibri-id=\"103-c10\" class=\"h-row-container gutters-row-lg-0 gutters-row-md-0 gutters-row-0 gutters-row-v-lg-0 gutters-row-v-md-0 gutters-row-v-0 style-823 style-local-103-c10 position-relative\">\n        <!---->\n        <div class=\"h-row justify-content-lg-center justify-content-md-center justify-content-center align-items-lg-stretch align-items-md-stretch align-items-stretch gutters-col-lg-0 gutters-col-md-0 gutters-col-0 gutters-col-v-lg-0 gutters-col-v-md-0 gutters-col-v-0\">\n          <!---->\n          <div class=\"h-column h-column-container d-flex h-col-lg-auto h-col-md-auto h-col-auto style-824-outer style-local-103-c11-outer\">\n            <div data-colibri-id=\"103-c11\" class=\"d-flex h-flex-basis h-column__inner h-ui-empty-state-container h-px-lg-0 h-px-md-0 h-px-0 v-inner-lg-0 v-inner-md-0 v-inner-0 style-824 style-local-103-c11 position-relative\">\n              <!---->\n              <!---->\n              <div class=\"w-100 h-y-container h-column__content h-column__v-align flex-basis-100\">\n                <!---->\n              <\/div>\n            <\/div>\n          <\/div>\n          <div class=\"h-column h-column-container d-flex h-col-lg-auto h-col-md-auto h-col-auto style-825-outer style-local-103-c12-outer\">\n            <div data-colibri-id=\"103-c12\" class=\"d-flex h-flex-basis h-column__inner h-px-lg-2 h-px-md-2 h-px-2 v-inner-lg-2 v-inner-md-2 v-inner-2 style-825 style-local-103-c12 position-relative\">\n              <!---->\n              <!---->\n              <div class=\"w-100 h-y-container h-column__content h-column__v-align flex-basis-100 align-self-lg-start align-self-md-start align-self-start\">\n                <!---->\n                <div data-colibri-id=\"103-c14\" class=\"h-global-transition-all h-heading style-827 style-local-103-c14 position-relative h-element\">\n                  <!---->\n                  <div class=\"h-heading__outer style-827 style-local-103-c14\">\n                    <!---->\n                    <!---->\n                    <h2 class=\"\">Inscriptions pr\u00e9sentes sur le monument.<\/h2>\n                  <\/div>\n                <\/div>\n                <div data-colibri-id=\"103-c15\" class=\"h-text h-text-component style-828 style-local-103-c15 position-relative h-element\">\n                  <!---->\n                  <!---->\n                  <div class=\"\">\n                    <p>1914-1918 La commune de Montp\u00e9zat \u00e0 ses glorieux enfants.<\/p>\n                    <p>\n                      <u>Les morts:<\/u>\n                    <\/p>\n                    <p>A milieu de la palme dor\u00e9e surajout\u00e9e, un blason grav\u00e9 \u00ab\u00a0Les anciens mobilis\u00e9s \u00e0 leurs camarades morts au champ d&rsquo;honneur\u00a0\u00bb (pour les morts de la 1GM)<\/p>\n                    <p> Plaque rajout\u00e9e dans la partie sup\u00e9rieure de la colonne \u00ab\u00a0Les AC \u00e0 leur camarade\u00a0\u00bb (au singulier, renvoyant donc au mort de la 2GM)<\/p>\n                    <p>BERTIN Ferdinand BEYT Jean-Marie CAMIN Jean DAUBAN Marcelin DOM\u00c9JEAN Hippolyte DUTECH Omer DANCLA Jean GALY Pierre CUCHENS Eug\u00e8ne LAGUENS Fr\u00e9d\u00e9ric LASBAX Aim\u00e9 LASBAX Fran\u00e7ois LATRILLE Maxime MONTAUT Jean Marie MONTAUT Pierre REY Eug\u00e8ne\n                      RICAUD Jean-Marie RICHAUD C\u00e9llestin SUTRA Jean TOURNAN Antoine TOURNAN Marcel SANTOUS Firmin<\/p>\n                  <\/div>\n                <\/div>\n              <\/div>\n            <\/div>\n          <\/div>\n        <\/div>\n      <\/div>\n    <\/div>\n  <\/div>\n  <div data-colibri-component=\"section\" data-colibri-id=\"103-c57\" id=\"photo-gallery\" class=\"h-section h-section-global-spacing d-flex align-items-lg-center align-items-md-center align-items-center style-870 style-local-103-c57 position-relative\">\n    <!---->\n    <!---->\n    <div class=\"h-section-grid-container h-section-boxed-container\">\n      <!---->\n      <div data-colibri-id=\"103-c58\" class=\"h-row-container gutters-row-lg-1 gutters-row-md-1 gutters-row-2 gutters-row-v-lg-1 gutters-row-v-md-1 gutters-row-v-2 style-871 style-local-103-c58 position-relative\">\n        <!---->\n        <div class=\"h-row justify-content-lg-center justify-content-md-center justify-content-center align-items-lg-stretch align-items-md-stretch align-items-stretch gutters-col-lg-1 gutters-col-md-1 gutters-col-2 gutters-col-v-lg-1 gutters-col-v-md-1 gutters-col-v-2\">\n          <!---->\n          <div class=\"h-column h-column-container d-flex h-col-lg-auto h-col-md-auto h-col-auto style-872-outer style-local-103-c59-outer\">\n            <div data-colibri-id=\"103-c59\" class=\"d-flex h-flex-basis h-column__inner h-px-lg-2 h-px-md-2 h-px-2 v-inner-lg-2 v-inner-md-2 v-inner-2 style-872 style-local-103-c59 position-relative\">\n              <!---->\n              <!---->\n              <div class=\"w-100 h-y-container h-column__content h-column__v-align flex-basis-100 align-self-lg-center align-self-md-center align-self-center\">\n                <!---->\n                <div data-colibri-id=\"103-c60\" class=\"h-global-transition-all h-heading style-873 style-local-103-c60 position-relative h-element\">\n                  <!---->\n                  <div class=\"h-heading__outer style-873 style-local-103-c60\">\n                    <!---->\n                    <!---->\n                    <h2 class=\"\">Photos de guerre de 14-18 <\/h2>\n                  <\/div>\n                <\/div>\n                <div data-colibri-id=\"103-c61\" class=\"h-lead h-text h-text-component style-874 style-local-103-c61 position-relative h-element\">\n                  <!---->\n                  <!---->\n                  <div class=\"\">\n                    <p>La guerre des tranch\u00e9es\n                      <br>\n                    <\/p>\n                  <\/div>\n                <\/div>\n              <\/div>\n            <\/div>\n          <\/div>\n          <div class=\"h-column h-column-container d-flex h-col-lg-auto h-col-md-auto h-col-auto style-875-outer style-local-103-c62-outer\">\n            <div data-colibri-id=\"103-c62\" class=\"d-flex h-flex-basis h-column__inner h-px-lg-0 h-px-md-0 h-px-0 v-inner-lg-0 v-inner-md-0 v-inner-0 style-875 style-local-103-c62 position-relative\">\n              <!---->\n              <!---->\n              <div class=\"w-100 h-y-container h-column__content h-column__v-align flex-basis-100 align-self-lg-center align-self-md-center align-self-center\">\n                <!---->\n                <div data-colibri-component=\"masonry\" data-colibri-id=\"103-c63\" class=\"h-photo-gallery margin-none caption-none style-876 style-local-103-c63 position-relative h-element\">\n                  <!---->\n                  <div class=\"h-global-transition-all\"><div id='colibri-103-c63' class='gallery-wrapper'>    <style type=\"text\/css\">\n\n        @media (min-width: 1023px) {        #colibri-103-c63        dl {\n            float: left;\n            width: 50% !important;\n            max-width: 50% !important;\n            min-width: 50% !important;\n        }\n\n        #colibri-103-c63        dl:nth-of-type(2n +1 ) {\n            clear: both;\n        }\n\n        }@media (min-width: 768px) and (max-width: 1023px) {        #colibri-103-c63        dl {\n            float: left;\n            width: 50% !important;\n            max-width: 50% !important;\n            min-width: 50% !important;\n        }\n\n        #colibri-103-c63        dl:nth-of-type(2n +1 ) {\n            clear: both;\n        }\n\n        }@media (max-width: 767px) {        #colibri-103-c63        dl {\n            float: left;\n            width: 50% !important;\n            max-width: 50% !important;\n            min-width: 50% !important;\n        }\n\n        #colibri-103-c63        dl:nth-of-type(2n +1 ) {\n            clear: both;\n        }\n\n        }\n        #colibri-103-c63        .gallery-item {\n            position: relative;\n        }\n\n        \n    <\/style>\n    <div   class='colibri-103-c63-dls-wrapper gallery-items-wrapper' ><dl class='gallery-item masonry-item'>\n\t\t\t<dt class='gallery-icon landscape'>\n\t\t\t\t<a data-fancybox=\"colibri-103-c63-group\" href='https:\/\/montpezat-gers.com\/wp-content\/uploads\/2021\/06\/1007636-Bataille_de_Verdun.jpg'><img loading=\"lazy\" decoding=\"async\"  width=\"300\" height=\"207\" src=\"https:\/\/montpezat-gers.com\/wp-content\/uploads\/2021\/06\/1007636-Bataille_de_Verdun-300x207.jpg\"  class='colibri-103-c63-image' alt=\"\" srcset=\"https:\/\/montpezat-gers.com\/wp-content\/uploads\/2021\/06\/1007636-Bataille_de_Verdun-300x207.jpg 300w, https:\/\/montpezat-gers.com\/wp-content\/uploads\/2021\/06\/1007636-Bataille_de_Verdun.jpg 580w\" sizes=\"auto, (max-width: 300px) 100vw, 300px\" \/><\/a>\n\t\t\t<\/dt><\/dl><dl class='gallery-item masonry-item'>\n\t\t\t<dt class='gallery-icon portrait'>\n\t\t\t\t<a data-fancybox=\"colibri-103-c63-group\" href='https:\/\/montpezat-gers.com\/wp-content\/uploads\/2021\/06\/Photo-tranchee.jpg'><img loading=\"lazy\" decoding=\"async\"  width=\"209\" height=\"300\" src=\"https:\/\/montpezat-gers.com\/wp-content\/uploads\/2021\/06\/Photo-tranchee-209x300.jpg\"  class='colibri-103-c63-image' alt=\"\" srcset=\"https:\/\/montpezat-gers.com\/wp-content\/uploads\/2021\/06\/Photo-tranchee-209x300.jpg 209w, https:\/\/montpezat-gers.com\/wp-content\/uploads\/2021\/06\/Photo-tranchee-715x1024.jpg 715w, https:\/\/montpezat-gers.com\/wp-content\/uploads\/2021\/06\/Photo-tranchee-768x1101.jpg 768w, https:\/\/montpezat-gers.com\/wp-content\/uploads\/2021\/06\/Photo-tranchee-1072x1536.jpg 1072w, https:\/\/montpezat-gers.com\/wp-content\/uploads\/2021\/06\/Photo-tranchee-1429x2048.jpg 1429w, https:\/\/montpezat-gers.com\/wp-content\/uploads\/2021\/06\/Photo-tranchee.jpg 1556w\" sizes=\"auto, (max-width: 209px) 100vw, 209px\" \/><\/a>\n\t\t\t<\/dt><\/dl><dl class='gallery-item masonry-item'>\n\t\t\t<dt class='gallery-icon landscape'>\n\t\t\t\t<a data-fancybox=\"colibri-103-c63-group\" href='https:\/\/montpezat-gers.com\/wp-content\/uploads\/2021\/06\/ill_3468632_e844_guerre.jpg'><img loading=\"lazy\" decoding=\"async\"  width=\"300\" height=\"150\" src=\"https:\/\/montpezat-gers.com\/wp-content\/uploads\/2021\/06\/ill_3468632_e844_guerre-300x150.jpg\"  class='colibri-103-c63-image' alt=\"\" srcset=\"https:\/\/montpezat-gers.com\/wp-content\/uploads\/2021\/06\/ill_3468632_e844_guerre-300x150.jpg 300w, https:\/\/montpezat-gers.com\/wp-content\/uploads\/2021\/06\/ill_3468632_e844_guerre-1024x512.jpg 1024w, https:\/\/montpezat-gers.com\/wp-content\/uploads\/2021\/06\/ill_3468632_e844_guerre-768x384.jpg 768w, https:\/\/montpezat-gers.com\/wp-content\/uploads\/2021\/06\/ill_3468632_e844_guerre.jpg 1440w\" sizes=\"auto, (max-width: 300px) 100vw, 300px\" \/><\/a>\n\t\t\t<\/dt><\/dl>\n\t\t\t\n\t\t<\/div>\n<style>#colibri-103-c63 .wp-caption-text.gallery-caption{display:none;}<\/style><\/div><\/div>\n                <\/div>\n              <\/div>\n            <\/div>\n          <\/div>\n        <\/div>\n      <\/div>\n    <\/div>\n  <\/div>\n  <div data-colibri-component=\"section\" data-colibri-id=\"103-c72\" id=\"content\" class=\"h-section h-section-global-spacing d-flex align-items-lg-center align-items-md-center align-items-center style-885 style-local-103-c72 position-relative\">\n    <!---->\n    <!---->\n    <div class=\"h-section-grid-container h-section-boxed-container\">\n      <!---->\n      <div data-colibri-id=\"103-c73\" class=\"h-row-container gutters-row-lg-2 gutters-row-md-2 gutters-row-2 gutters-row-v-lg-2 gutters-row-v-md-2 gutters-row-v-2 style-886 style-local-103-c73 position-relative\">\n        <!---->\n        <div class=\"h-row justify-content-lg-center justify-content-md-center justify-content-center align-items-lg-stretch align-items-md-stretch align-items-stretch gutters-col-lg-2 gutters-col-md-2 gutters-col-2 gutters-col-v-lg-2 gutters-col-v-md-2 gutters-col-v-2\">\n          <!---->\n          <div class=\"h-column h-column-container d-flex h-col-lg-auto h-col-md-auto h-col-auto style-887-outer style-local-103-c74-outer\">\n            <div data-colibri-id=\"103-c74\" class=\"d-flex h-flex-basis h-column__inner h-px-lg-0 h-px-md-2 h-px-0 v-inner-lg-0 v-inner-md-2 v-inner-0 style-887 style-local-103-c74 position-relative\">\n              <!---->\n              <!---->\n              <div class=\"w-100 h-y-container h-column__content h-column__v-align flex-basis-100 align-self-lg-center align-self-md-center align-self-center\">\n                <!---->\n                <div data-colibri-id=\"103-c75\" class=\"d-block style-888 style-local-103-c75 position-relative h-element\">\n                  <!---->\n                  <div class=\"h-image__frame-container-outer\">\n                    <div class=\"h-image__frame-container\">\n                      <!---->\n                      <!---->\n                      <img loading=\"lazy\" decoding=\"async\" width=\"842\" height=\"843\" src=\"https:\/\/montpezat-gers.com\/wp-content\/uploads\/2021\/06\/cropped-carte-montpezat-plus-loupe-2-03.jpg\" class=\"wp-image-1613 style-888-image style-local-103-c75-image\" alt=\"\" srcset=\"https:\/\/montpezat-gers.com\/wp-content\/uploads\/2021\/06\/cropped-carte-montpezat-plus-loupe-2-03.jpg 842w, https:\/\/montpezat-gers.com\/wp-content\/uploads\/2021\/06\/cropped-carte-montpezat-plus-loupe-2-03-300x300.jpg 300w, https:\/\/montpezat-gers.com\/wp-content\/uploads\/2021\/06\/cropped-carte-montpezat-plus-loupe-2-03-150x150.jpg 150w, https:\/\/montpezat-gers.com\/wp-content\/uploads\/2021\/06\/cropped-carte-montpezat-plus-loupe-2-03-768x769.jpg 768w\" sizes=\"auto, (max-width: 842px) 100vw, 842px\" \/>\n                      <div class=\"h-image__frame h-hide-sm style-888-frameImage style-local-103-c75-frameImage\"><\/div>\n                    <\/div>\n                  <\/div>\n                <\/div>\n              <\/div>\n            <\/div>\n          <\/div>\n          <div class=\"h-column h-column-container d-flex h-col-lg-auto h-col-md-auto h-col-auto style-889-outer style-local-103-c76-outer\">\n            <div data-colibri-id=\"103-c76\" class=\"d-flex h-flex-basis h-column__inner h-px-lg-0 h-px-md-0 h-px-2 v-inner-lg-0 v-inner-md-0 v-inner-2 style-889 style-local-103-c76 position-relative\">\n              <!---->\n              <!---->\n              <div class=\"w-100 h-y-container h-column__content h-column__v-align flex-basis-100 align-self-lg-center align-self-md-center align-self-center\">\n                <!---->\n                <div data-colibri-id=\"103-c77\" class=\"h-global-transition-all h-heading style-890 style-local-103-c77 position-relative h-element\">\n                  <!---->\n                  <div class=\"h-heading__outer style-890 style-local-103-c77\">\n                    <!---->\n                    <!---->\n                    <h3 class=\"\">Carte de France des soldats de la premi\u00e8re guerre mondiale.<\/h3>\n                  <\/div>\n                <\/div>\n                <div data-colibri-id=\"103-c78\" class=\"h-row-container gutters-row-lg-0 gutters-row-md-0 gutters-row-2 gutters-row-v-lg-0 gutters-row-v-md-0 gutters-row-v-0 style-891 style-local-103-c78 position-relative\">\n                  <!---->\n                  <div class=\"h-row justify-content-lg-center justify-content-md-center justify-content-center align-items-lg-stretch align-items-md-stretch align-items-stretch gutters-col-lg-0 gutters-col-md-0 gutters-col-2 gutters-col-v-lg-0 gutters-col-v-md-0 gutters-col-v-0\">\n                    <!---->\n                    <div class=\"h-column h-column-container d-flex h-col-lg h-col-md h-col-auto style-894-outer style-local-103-c81-outer\">\n                      <div data-colibri-id=\"103-c81\" class=\"d-flex h-flex-basis h-column__inner h-px-lg-1 h-px-md-1 h-px-1 v-inner-lg-1 v-inner-md-1 v-inner-1 style-894 style-local-103-c81 position-relative\">\n                        <!---->\n                        <!---->\n                        <div class=\"w-100 h-y-container h-column__content h-column__v-align flex-basis-100 align-self-lg-start align-self-md-start align-self-start\">\n                          <!---->\n                          <div data-colibri-id=\"103-c82\" class=\"h-global-transition-all h-heading style-895 style-local-103-c82 position-relative h-element\">\n                            <!---->\n                            <div class=\"h-heading__outer style-895 style-local-103-c82\">\n                              <!---->\n                              <!---->\n                              <h4 class=\"\">Tomb\u00e9s au champ d&rsquo;honneur<\/h4>\n                            <\/div>\n                          <\/div>\n                          <div data-colibri-id=\"103-c83\" class=\"h-text h-text-component style-896 style-local-103-c83 position-relative h-element\">\n                            <!---->\n                            <!---->\n                            <div class=\"\">\n                              <p>Les drapeaux repr\u00e9sentent les lieux du d\u00e9c\u00e8s des soldats.\n                                <br>\n                              <\/p>\n                            <\/div>\n                          <\/div>\n                        <\/div>\n                      <\/div>\n                    <\/div>\n                  <\/div>\n                <\/div>\n                <div data-colibri-id=\"103-c90\" class=\"h-x-container style-897 style-local-103-c90 position-relative h-element\">\n                  <!---->\n                  <div class=\"h-x-container-inner style-dynamic-103-c90-group style-897-spacing style-local-103-c90-spacing\"><span class=\"h-button__outer style-898-outer style-local-103-c91-outer d-inline-flex h-element\"><a h-use-smooth-scroll=\"true\" href=\"https:\/\/montpezat-gers.com\/wp-content\/uploads\/2021\/06\/carte-montpezat-plus-loupe-2.pdf\"  data-colibri-id=\"103-c91\" class=\"d-flex w-100 align-items-center h-button justify-content-lg-center justify-content-md-center justify-content-center style-898 style-local-103-c91 position-relative\"><!----><!----> <span>Agrandissez la carte<\/span><\/a>\n                    <\/span>\n                  <\/div>\n                <\/div>\n              <\/div>\n            <\/div>\n          <\/div>\n        <\/div>\n      <\/div>\n    <\/div>\n  <\/div>\n<\/div>","protected":false},"excerpt":{"rendered":"<p>Monument Caract\u00e9ristiques Structure : Pilier comm\u00e9moratif Colonne quadrangulaire \/ chapiteau sculpt\u00e9 Ornementation v\u00e9g\u00e9tale : Palme(s) Palmes entrecrois\u00e9es D\u00e9corations militaires : Croix de guerre Autres \u00e9l\u00e9ments : Entourage bornes \/ cha\u00eenes ou barre. Inscriptions pr\u00e9sentes sur le monument. 1914-1918 La commune de Montp\u00e9zat \u00e0 ses glorieux enfants. Les morts: A milieu de la palme dor\u00e9e surajout\u00e9e, [&hellip;]<\/p>\n","protected":false},"author":1,"featured_media":0,"parent":0,"menu_order":0,"comment_status":"closed","ping_status":"closed","template":"page-templates\/full-width-page.php","meta":{"footnotes":""},"class_list":["post-103","page","type-page","status-publish","hentry"],"_links":{"self":[{"href":"https:\/\/montpezat-gers.com\/index.php\/wp-json\/wp\/v2\/pages\/103","targetHints":{"allow":["GET"]}}],"collection":[{"href":"https:\/\/montpezat-gers.com\/index.php\/wp-json\/wp\/v2\/pages"}],"about":[{"href":"https:\/\/montpezat-gers.com\/index.php\/wp-json\/wp\/v2\/types\/page"}],"author":[{"embeddable":true,"href":"https:\/\/montpezat-gers.com\/index.php\/wp-json\/wp\/v2\/users\/1"}],"replies":[{"embeddable":true,"href":"https:\/\/montpezat-gers.com\/index.php\/wp-json\/wp\/v2\/comments?post=103"}],"version-history":[{"count":15,"href":"https:\/\/montpezat-gers.com\/index.php\/wp-json\/wp\/v2\/pages\/103\/revisions"}],"predecessor-version":[{"id":1644,"href":"https:\/\/montpezat-gers.com\/index.php\/wp-json\/wp\/v2\/pages\/103\/revisions\/1644"}],"wp:attachment":[{"href":"https:\/\/montpezat-gers.com\/index.php\/wp-json\/wp\/v2\/media?parent=103"}],"curies":[{"name":"wp","href":"https:\/\/api.w.org\/{rel}","templated":true}]}}